{"id":240,"date":"2018-05-25T10:17:29","date_gmt":"2018-05-25T08:17:29","guid":{"rendered":"https:\/\/citylan.com.pl\/?page_id=240"},"modified":"2023-01-25T13:56:21","modified_gmt":"2023-01-25T12:56:21","slug":"rodo","status":"publish","type":"page","link":"https:\/\/citylan.com.pl\/index.php\/rodo\/","title":{"rendered":"Polityka prywatno\u015bci"},"content":{"rendered":"<p><strong>INFORMACJE DOTYCZ\u0104CE PRZETWARZANIA DANYCH OSOBOWYCH I DANYCH TRANSMISYJNYCH<\/strong><br \/>\n<strong>INFORMACJE OG\u00d3LNE<\/strong><br \/>\nOd 25 maja 2018 r. stosowane jest rozporz\u0105dzenie Parlamentu Europejskiego i Rady (UE) 2016\/679 z dnia 27 kwietnia 2016 r. w sprawie ochrony os\u00f3b fizycznych w zwi\u0105zku z przetwarzaniem danych osobowych i w sprawie swobodnego przep\u0142ywu takich danych oraz uchylenia dyrektywy 95\/46\/WE (og\u00f3lne rozporz\u0105dzenie o ochronie danych osobowych), Dz. Urz. UE. L Nr 119, str. 1, w skr\u00f3cie: RODO. RODO nakazuje, aby podmiot decyduj\u0105cy o tym, w jaki spos\u00f3b i w jakim celu przetwarzane s\u0105 dane osobowe, czyli tzw. administrator danych, przekaza\u0142 Pa\u0144stwu informacje niezb\u0119dne do zapewnienia rzetelno\u015bci i przejrzysto\u015bci przetwarzania danych osobowych.<br \/>\n<strong>ADMINISTRATOR DANYCH<\/strong><br \/>\nAdministratorem Pa\u0144stwa danych osobowych (dalej jako: \u201eAdministrator danych\u201d) jest przedsi\u0119biorstwo telekomunikacyjne cityLAN sp. z o.o. \u00a0prowadz\u0105ca dzia\u0142alno\u015b\u0107 gospodarcz\u0105 pod adresem ul. \u017beromskiego 30, 64-200 Wolsztyn, wpisana do Centralnej Ewidencji i Informacji o Dzia\u0142alno\u015bci Gospodarczej, NIP: 923-174-02-79, TEL. 68 347 41 09, e-mail: pomoc@citylan.com.pl<\/p>\n<p><strong>DANE KONTAKTOWE ADMINISTRATORA DANYCH<\/strong><br \/>\nInspektorem Ochrony Danych Osobowych jest firma <strong>PRESSTU.PL Marcin Kosicki<\/strong>, ul. Cicha 16 64-200 Wolsztyn, NIP 9231625360 REGON 301302283, zarejestrowana w Centralnej Ewidencji i Informacji o Dzia\u0142alno\u015bci Gospodarczej Rzeczypospolitej Polskiej. We wszelkich sprawach zwi\u0105zanych z przetwarzaniem danych osobowych przez Administratora danych mo\u017cna uzyska\u0107 informacj\u0119, kontaktuj\u0105c si\u0119 z Inspektorem Ochrony Danych Osobowych :<br \/>\n1. za po\u015brednictwem poczty elektronicznej, przesy\u0142aj\u0105c informacj\u0119 na adres: <strong>iod@presstu.pl<\/strong><br \/>\n2. listownie pod adresem PRESSTU.PL Marcin Kosicki, ul. Cicha 16 64-200 Wolsztyn<br \/>\n<strong>CEL ORAZ PODSTAWA PRAWNA PRZETWARZANIA DANYCH OSOBOWYCH<\/strong><br \/>\nPa\u0144stwa dane osobowe uzyskane przy zawieraniu umowy oraz w trakcie jej trwania, w tym dane transmisyjne tj. dane przetwarzane do cel\u00f3w przekazywania komunikat\u00f3w w sieciach telekomunikacyjnych lub naliczania op\u0142at za us\u0142ugi telekomunikacyjne (w tym dane lokalizacyjne, wskazuj\u0105ce po\u0142o\u017cenie geograficzne Pa\u0144stwa urz\u0105dzenia ko\u0144cowego) wykorzystywane s\u0105 w nast\u0119puj\u0105cych celach:<br \/>\n1. zawarcia i wykonania umowy o \u015bwiadczenie us\u0142ug telekomunikacyjnych oraz \u015bwiadczenia tych us\u0142ug zgodnie z zawart\u0105 umow\u0105,<br \/>\n2. wykonania ci\u0105\u017c\u0105cych na Administratorze danych obowi\u0105zk\u00f3w prawnych (np. wystawienia<br \/>\ni przechowywania faktur oraz innych dokument\u00f3w ksi\u0119gowych, udost\u0119pniania danych, w tym danych transmisyjnych tzw. uprawnionym podmiotom, s\u0105dowi i prokuratorowi),<br \/>\n3. dochodzenia ewentualnych roszcze\u0144 z tytu\u0142u niewykonania lub nienale\u017cytego wykonania zawartej umowy o \u015bwiadczenie us\u0142ug telekomunikacyjnych,<br \/>\n4. marketingu us\u0142ug \u015bwiadczonych przez Administratora danych.<br \/>\n<strong>OKRES PRZECHOWYWANIA DANYCH<\/strong><br \/>\nZa\u0142\u0105cznik do umowy o \u015bwiadczenie us\u0142ug telekomunikacyjnych nr &#8230;<br \/>\nPa\u0144stwa dane osobowe b\u0119d\u0105 przechowywane:<br \/>\n1. przez okres trwania umowy o \u015bwiadczenie us\u0142ug telekomunikacyjnych oraz po zako\u0144czeniu trwania takiej umowy w celu pe\u0142nego rozliczenia si\u0119 stron z warunk\u00f3w umowy, w tym do czasu up\u0142ywu terminu przedawnienia roszcze\u0144 z takiej umowy (3 lata od rozwi\u0105zania umowy), a w zakresie rozlicze\u0144 z urz\u0119dem skarbowym przez okres przedawnienia zobowi\u0105za\u0144 podatkowych, tj. 5 lat od ko\u0144ca roku podatkowego, w kt\u00f3rym pojawi\u0142a si\u0119 konieczno\u015b\u0107 zap\u0142aty podatku z tytu\u0142u \u015bwiadczonych na Pa\u0144stwa rzecz us\u0142ug,<br \/>\n2. do momentu wycofania tej zgody przez osob\u0119, kt\u00f3rej dane dotycz\u0105 je\u015bli dane s\u0105 przetwarzane w oparciu o wyra\u017con\u0105 zgod\u0119, dane osobowe b\u0119d\u0105 przetwarzane.<br \/>\nDane transmisyjne b\u0119d\u0105 przechowywane przez okres to\u017csamy z okre\u015blonym w ustawie Prawo telekomunikacyjne okresem retencji, kt\u00f3ry na moment zawarcia z Pa\u0144stwem umowy wynosi jeden rok.<br \/>\n<strong>ODBIORCY DANYCH<\/strong><br \/>\nDost\u0119p do danych b\u0119d\u0105 mia\u0142y osoby pracuj\u0105ce i wsp\u00f3\u0142pracuj\u0105ce z Administratorem danych w zakresie realizacji na Pa\u0144stwa rzecz us\u0142ug, w tym realizuj\u0105cych us\u0142ugi wsparcia technicznego oraz podmioty realizuj\u0105ce us\u0142ugi prawno-finansowe na rzecz Administratora danych. Pa\u0144stwa dane w przypadkach \u015bci\u015ble okre\u015blonych przepisami prawa, w tym m.in. ustawy Prawo telekomunikacyjne b\u0119d\u0105 musia\u0142y by\u0107 przekazane tak zwanym uprawnionym organom, Policji, prokuraturze.<br \/>\n<strong>PRZEKAZYWANIE DANYCH OSOBOWYCH POZA OBSZAR EOG<\/strong><br \/>\nAdministrator danych nie zamierza przekazywa\u0107 Pa\u0144stwa danych poza obszar Europejskiego Obszaru Gospodarczego (tj. obszar obejmuj\u0105cy kraje Unii Europejskiej, Norwegi\u0119, Liechtenstein i Islandi\u0119).<br \/>\n<strong>PRAWA OSOBY, KT\u00d3REJ DANE DOTYCZ\u0104<\/strong><br \/>\nInformujemy, \u017ce przys\u0142uguj\u0105 Pa\u0144stwu nast\u0119puj\u0105ce prawa dotycz\u0105ce danych osobowych:<br \/>\n1. dost\u0119pu do danych osobowych, tj. uzyskania informacji, czy Administrator danych przetwarza Pa\u0144stwa dane, a je\u015bli tak, to w jakim zakresie,<br \/>\n2. sprostowania danych osobowych, w przypadku, gdy Pa\u0144stwa zdaniem s\u0105 one nieprawid\u0142owe lub niekompletne,<br \/>\n3. ograniczenia przetwarzania danych, tj. nakazania przechowywania danych dotychczas zebranych przez Administratora danych i wstrzymania dalszych operacji na danych, za wyj\u0105tkiem ich przechowywania,<br \/>\n4. usuni\u0119cia przetwarzania danych, kt\u00f3re przetwarzane s\u0105 przez Administratora danych bezpodstawnie,<br \/>\n5. przeniesienia danych osobowych, tj. przes\u0142ania danych innemu administratorowi danych (np. innemu operatorowi) lub przes\u0142ania ich do Pa\u0144stwa.<br \/>\nZ uwagi na obowi\u0105zuj\u0105cy przepis art. 180a ustawy Prawo telekomunikacyjne powy\u017csze prawa nie odnosz\u0105 si\u0119 do danych transmisyjnych, chyba \u017ce Administrator danych wykroczy\u0142 poza dozwolony tym przepisem zakres ich przechowywania i wykorzystywania.<br \/>\n<strong>PRZETWARZANIE DANYCH W OPARCIU O WYRA\u017bON\u0104 ZGOD\u0118<\/strong><br \/>\nW przypadku, gdy przetwarzanie danych odbywa si\u0119 w oparciu o wyra\u017con\u0105 przez Pa\u0144stwa zgod\u0119, przys\u0142uguje Pa\u0144stwu prawo do cofni\u0119cia tej zgody w dowolnym momencie, z tym zastrze\u017ceniem, \u017ce wycofanie zgody nie wp\u0142ywa na zgodno\u015b\u0107 z prawem przetwarzania, kt\u00f3rego dokonano na podstawie zgody przed jej cofni\u0119ciem.<br \/>\n<strong>PRAWO DO WYRA\u017bENIA SPRZECIWU WOBEC PRZETWARZANIA DANYCH<\/strong><br \/>\nPrzys\u0142uguje Pa\u0144stwu r\u00f3wnie\u017c prawo do wniesienia w dowolnym momencie sprzeciwu:<br \/>\n1. wobec przetwarzania dotycz\u0105cych Pa\u0144stwa danych na potrzeby marketingu bezpo\u015bredniego. Administratorowi danych, po wniesieniu takiego sprzeciwu, nie b\u0119dzie wolno ju\u017c przetwarza\u0107 danych osobowych do takich cel\u00f3w,<br \/>\n2. z przyczyn zwi\u0105zanych z Pa\u0144stwa szczeg\u00f3ln\u0105 sytuacj\u0105 \u2013 wobec przetwarzania danych, kt\u00f3re odbywa si\u0119 w oparciu o wykonanie zadania realizowanego w interesie publicznym lub dla cel\u00f3w wynikaj\u0105cych z prawnie uzasadnionych interes\u00f3w Administratora danych. Administratorowi danych, po wniesieniu takiego sprzeciwu, nie b\u0119dzie wolno ju\u017c przetwarza\u0107 danych osobowych do takich cel\u00f3w, chyba \u017ce Administrator danych wyka\u017ce, \u017ce istniej\u0105 wa\u017cne prawnie uzasadnione podstawy do dalszego przetwarzania danych, kt\u00f3re b\u0119d\u0105 nadrz\u0119dne wobec Pa\u0144stwa interes\u00f3w, praw i wolno\u015bci (m.in. art. 180a ustawy Prawo telekomunikacyjne), albo gdy istnie\u0107 b\u0119d\u0105 podstawy do ustalenia, dochodzenia lub obrony roszcze\u0144.<br \/>\n<strong>PODSTAWA PODANIA DANYCH OSOBOWYCH<\/strong><br \/>\nDo zawarcia umowy o \u015bwiadczenie us\u0142ug telekomunikacyjnych wymagane jest podanie przez Pa\u0144stwa danych wskazanych w formularzu umowy. Dopuszczalny zakres zbierania i przetwarzania tych danych jest obecnie okre\u015blony obowi\u0105zuj\u0105c\u0105 ustaw\u0105 z 2004 roku Prawo telekomunikacyjne (art. 161 ust. 2). Podanie tych danych przy zawieraniu umowy nie jest wymogiem ustawowym, ale wi\u0105\u017ce si\u0119 z obowi\u0105zkiem Administratora danych (dostawcy us\u0142ugi telekomunikacyjnej) zwi\u0105zanym z potwierdzeniem zgodno\u015bci podanych przez abonenta danych w celu zawarcia, jak i wykonania umowy. Bez tych danych nie b\u0119dziemy mogli realizowa\u0107 zawartej umowy.<br \/>\nDodatkowo mo\u017cemy prosi\u0107 o podanie danych opcjonalnych, kt\u00f3rych nie podanie znacz\u0105co utrudni lub spowoduje brak mo\u017cliwo\u015bci kontaktu z Pa\u0144stwem (np. numer telefonu lub e-mail), ale nie wp\u0142ynie na mo\u017cliwo\u015b\u0107 zawarcia umowy. Dane te zosta\u0142y okre\u015blone w art. 161 ust. 3 powo\u0142anej wy\u017cej ustawy Prawo telekomunikacyjne.<br \/>\n<strong>PRAWO DO WNIESIENIA SKARGI DO ORGANU NADZORU<\/strong><br \/>\nPrzys\u0142uguje Pa\u0144stwu prawo do wniesienia skargi do organu nadzorczego, kt\u00f3rym ma by\u0107 ustanowiony Prezes Urz\u0119du Ochrony Danych Osobowych w przypadku, gdy Pa\u0144stwa zdaniem przetwarzanie danych osobowych i transmisyjnych przez Administratora danych odbywa si\u0119 z naruszeniem prawa.<br \/>\n<strong>INFORMACJA O ZAUTOMATYZOWANYM PODEJMOWANIU DECYZJI<\/strong><br \/>\nPa\u0144stwa dane nie b\u0119d\u0105 przetwarzane w spos\u00f3b zautomatyzowany w tym r\u00f3wnie\u017c profilowane, co oznacza, \u017ce \u017cadne decyzje wywo\u0142uj\u0105ce wobec Pa\u0144stwa skutki prawne lub w podobny spos\u00f3b na Pa\u0144stwa istotnie wp\u0142ywaj\u0105ce nie b\u0119d\u0105 oparte wy\u0142\u0105cznie na automatycznym przetwarzaniu danych osobowych i nie wi\u0105\u017c\u0105 si\u0119<br \/>\nz tak\u0105 automatycznie podejmowan\u0105 decyzj\u0105.<\/p>\n","protected":false},"excerpt":{"rendered":"<p>INFORMACJE DOTYCZ\u0104CE PRZETWARZANIA DANYCH OSOBOWYCH I DANYCH TRANSMISYJNYCH INFORMACJE OG\u00d3LNE Od 25 maja 2018 r. stosowane jest rozporz\u0105dzenie Parlamentu Europejskiego i Rady (UE) 2016\/679 z dnia 27 kwietnia 2016 r. w sprawie ochrony os\u00f3b fizycznych w zwi\u0105zku z przetwarzaniem danych osobowych i w sprawie swobodnego przep\u0142ywu takich danych oraz uchylenia dyrektywy 95\/46\/WE (og\u00f3lne rozporz\u0105dzenie o&hellip;<\/p>\n","protected":false},"author":1,"featured_media":0,"parent":0,"menu_order":0,"comment_status":"closed","ping_status":"closed","template":"","meta":[],"_links":{"self":[{"href":"https:\/\/citylan.com.pl\/index.php\/wp-json\/wp\/v2\/pages\/240"}],"collection":[{"href":"https:\/\/citylan.com.pl\/index.php\/wp-json\/wp\/v2\/pages"}],"about":[{"href":"https:\/\/citylan.com.pl\/index.php\/wp-json\/wp\/v2\/types\/page"}],"author":[{"embeddable":true,"href":"https:\/\/citylan.com.pl\/index.php\/wp-json\/wp\/v2\/users\/1"}],"replies":[{"embeddable":true,"href":"https:\/\/citylan.com.pl\/index.php\/wp-json\/wp\/v2\/comments?post=240"}],"version-history":[{"count":6,"href":"https:\/\/citylan.com.pl\/index.php\/wp-json\/wp\/v2\/pages\/240\/revisions"}],"predecessor-version":[{"id":326,"href":"https:\/\/citylan.com.pl\/index.php\/wp-json\/wp\/v2\/pages\/240\/revisions\/326"}],"wp:attachment":[{"href":"https:\/\/citylan.com.pl\/index.php\/wp-json\/wp\/v2\/media?parent=240"}],"curies":[{"name":"wp","href":"https:\/\/api.w.org\/{rel}","templated":true}]}}